{"id":11843,"date":"2026-01-29T19:07:12","date_gmt":"2026-01-29T18:07:12","guid":{"rendered":"https:\/\/www.bafid.fau.de\/?page_id=11843"},"modified":"2026-04-09T16:40:26","modified_gmt":"2026-04-09T14:40:26","slug":"beitragsarchiv-forschung","status":"publish","type":"page","link":"https:\/\/www.bafid.fau.de\/en\/forschung\/beitragsarchiv-forschung\/","title":{"rendered":"Article Archive Research"},"content":{"rendered":"\n<p class=\"wp-block-paragraph\">&nbsp;<\/p>\n\n\n<section class=\"fau-list-item has-load-more wp-block-fau-elemental-fau-teaser-grid\" id=\"fau-teaser-grid-b2289abd\" aria-label=\"Content grid\" role=\"region\" data-grid-id=\"fau-teaser-grid-b2289abd\" data-custom-block-id=\"fau-teaser-grid-b2289abd\" data-variant=\"post\" data-category=\"104\" data-tags=\"\" data-author=\"0\" data-year=\"0\" data-month=\"0\" data-day=\"0\" data-posts-per-page=\"12\" data-display-style=\"teaser-grid\" data-teaser-layout=\"2s-left\" data-order-by=\"date\" data-order=\"DESC\" data-heading-level=\"h4\" data-show-pagination=\"true\" data-pagination-type=\"load-more\" data-nonce=\"13908f49da\" data-current-page=\"1\"><ul class=\"fau-teaser-grid teaser-grid layout-2s layout-2s-left\" aria-label=\"Content items\" data-variant=\"post\"><li><a class=\"teaser-item-link teaser-item\" href=\"https:\/\/www.bafid.fau.de\/en\/2026\/04\/30\/zwischen-geist-und-geraet-ramy-abdin-ueber-roboter-aus-islamischer-perspektive\/\"><article class=\"post-teaser\" data-variant=\"post\" data-href=\"https:\/\/www.bafid.fau.de\/en\/2026\/04\/30\/zwischen-geist-und-geraet-ramy-abdin-ueber-roboter-aus-islamischer-perspektive\/\" tabindex=\"0\" role=\"button\" aria-labelledby=\"teaser-title-14157\"><div class=\"teaser-image-wrapper\"><div class=\"teaser-image\"><img decoding=\"async\" src=\"https:\/\/www.bafid.fau.de\/files\/2026\/04\/Gemini_Generated_Image_sewsrusewsrusews-1-1-768x420.png\" class=\"attachment-medium_large size-medium_large\" alt=\"Between Mind and Machine: Ramy Abdin on Robots from an Islamic Perspective\" loading=\"lazy\" srcset=\"https:\/\/www.bafid.fau.de\/files\/2026\/04\/Gemini_Generated_Image_sewsrusewsrusews-1-1-768x420.png 768w, https:\/\/www.bafid.fau.de\/files\/2026\/04\/Gemini_Generated_Image_sewsrusewsrusews-1-1-300x164.png 300w, https:\/\/www.bafid.fau.de\/files\/2026\/04\/Gemini_Generated_Image_sewsrusewsrusews-1-1-1024x559.png 1024w, https:\/\/www.bafid.fau.de\/files\/2026\/04\/Gemini_Generated_Image_sewsrusewsrusews-1-1-60x33.png 60w, https:\/\/www.bafid.fau.de\/files\/2026\/04\/Gemini_Generated_Image_sewsrusewsrusews-1-1.png 1406w\" \/><\/div><div class=\"teaser-meta\"><time datetime=\"2026-04-30 11:30:00\"><span class=\"date-day\">30<\/span><span class=\"date-month-year\">APR 2026<\/span><\/time><\/div><\/div><div class=\"teaser-content-wrapper\"><div class=\"teaser-content\"><div class=\"content-column\"><span class=\"category\">News from BaFID<\/span><h4 class=\"clamp-3\" id=\"teaser-title-14157\">Between Mind and Machine: Ramy Abdin on Robots from an Islamic Perspective<\/h4><div class=\"excerpt clamp-3\"><span class=\"visually-hidden\">Robots in Islam: Ramy Abdin analyses the relationship between mind and machine. Fascinating! \ud83e\udd16<\/span><span aria-hidden=\"true\">Robots in Islam: Ramy Abdin analyses the relationship between mind and machine. Fascinating! \ud83e\udd16<\/span><\/div><\/div><div class=\"button-teaser\"><span class=\"wp-block-button__link\"><span class=\"screen-reader-text\">Read more about Between Mind and Machine: Ramy Abdin on Robots from an Islamic Perspective<\/span><\/span><\/div><\/div><\/div><\/article><\/a><\/li><li><a class=\"teaser-item-link teaser-item\" href=\"https:\/\/www.bafid.fau.de\/en\/2026\/04\/22\/platon-auf-arabisch-erstausgabe-des-kitab-an-nawamis-erschienen\/\"><article class=\"post-teaser\" data-variant=\"post\" data-href=\"https:\/\/www.bafid.fau.de\/en\/2026\/04\/22\/platon-auf-arabisch-erstausgabe-des-kitab-an-nawamis-erschienen\/\" tabindex=\"0\" role=\"button\" aria-labelledby=\"teaser-title-14161\"><div class=\"teaser-image-wrapper\"><div class=\"teaser-image\"><img decoding=\"async\" src=\"https:\/\/www.bafid.fau.de\/files\/2026\/04\/Beitragsbild_GT2-768x543.jpg\" class=\"attachment-medium_large size-medium_large\" alt=\"Plato in Arabic: First edition of the &#8220;Kit\u0101b an-Naw\u0101m\u012bs&#8221; published\" loading=\"lazy\" srcset=\"https:\/\/www.bafid.fau.de\/files\/2026\/04\/Beitragsbild_GT2-768x543.jpg 768w, https:\/\/www.bafid.fau.de\/files\/2026\/04\/Beitragsbild_GT2-300x212.jpg 300w, https:\/\/www.bafid.fau.de\/files\/2026\/04\/Beitragsbild_GT2-1024x724.jpg 1024w, https:\/\/www.bafid.fau.de\/files\/2026\/04\/Beitragsbild_GT2-1536x1086.jpg 1536w, https:\/\/www.bafid.fau.de\/files\/2026\/04\/Beitragsbild_GT2-2048x1448.jpg 2048w, https:\/\/www.bafid.fau.de\/files\/2026\/04\/Beitragsbild_GT2-60x42.jpg 60w\" \/><\/div><div class=\"teaser-meta\"><time datetime=\"2026-04-22 11:30:00\"><span class=\"date-day\">22<\/span><span class=\"date-month-year\">APR 2026<\/span><\/time><\/div><\/div><div class=\"teaser-content-wrapper\"><div class=\"teaser-content\"><div class=\"content-column\"><span class=\"category\">Research<\/span><h4 class=\"clamp-3\" id=\"teaser-title-14161\">Plato in Arabic: First edition of the &#8220;Kit\u0101b an-Naw\u0101m\u012bs&#8221; published<\/h4><div class=\"excerpt clamp-3\"><span class=\"visually-hidden\">Plato in Arabic: The first edition of &#8220;Kitab an-Nawamis&#8221; has finally been published. \ud83d\udcda<\/span><span aria-hidden=\"true\">Plato in Arabic: The first edition of &#8220;Kitab an-Nawamis&#8221; has finally been published. \ud83d\udcda<\/span><\/div><\/div><div class=\"button-teaser\"><span class=\"wp-block-button__link\"><span class=\"screen-reader-text\">Read more about Plato in Arabic: First edition of the &#8220;Kit\u0101b an-Naw\u0101m\u012bs&#8221; published<\/span><\/span><\/div><\/div><\/div><\/article><\/a><\/li><li><a class=\"teaser-item-link teaser-item\" href=\"https:\/\/www.bafid.fau.de\/en\/2026\/04\/13\/blick-in-das-juedische-haus-ein-neuer-quellenband-ueber-den-landesrabbiner-mayer-bretzfeld\/\"><article class=\"post-teaser\" data-variant=\"post\" data-href=\"https:\/\/www.bafid.fau.de\/en\/2026\/04\/13\/blick-in-das-juedische-haus-ein-neuer-quellenband-ueber-den-landesrabbiner-mayer-bretzfeld\/\" tabindex=\"0\" role=\"button\" aria-labelledby=\"teaser-title-14163\"><div class=\"teaser-image-wrapper\"><div class=\"teaser-image\"><img decoding=\"async\" src=\"https:\/\/www.bafid.fau.de\/files\/2026\/04\/Beitragsbild_NR.2-768x543.jpg\" class=\"attachment-medium_large size-medium_large\" alt=\"A glimpse into the &#8220;Jewish House&#8221;: A new collection of sources on Chief Rabbi Mayer Bretzfeld\" loading=\"lazy\" srcset=\"https:\/\/www.bafid.fau.de\/files\/2026\/04\/Beitragsbild_NR.2-768x543.jpg 768w, https:\/\/www.bafid.fau.de\/files\/2026\/04\/Beitragsbild_NR.2-300x212.jpg 300w, https:\/\/www.bafid.fau.de\/files\/2026\/04\/Beitragsbild_NR.2-1024x724.jpg 1024w, https:\/\/www.bafid.fau.de\/files\/2026\/04\/Beitragsbild_NR.2-1536x1086.jpg 1536w, https:\/\/www.bafid.fau.de\/files\/2026\/04\/Beitragsbild_NR.2-2048x1448.jpg 2048w, https:\/\/www.bafid.fau.de\/files\/2026\/04\/Beitragsbild_NR.2-60x42.jpg 60w\" \/><\/div><div class=\"teaser-meta\"><time datetime=\"2026-04-13 11:36:00\"><span class=\"date-day\">13<\/span><span class=\"date-month-year\">APR 2026<\/span><\/time><\/div><\/div><div class=\"teaser-content-wrapper\"><div class=\"teaser-content\"><div class=\"content-column\"><span class=\"category\">Research<\/span><h4 class=\"clamp-3\" id=\"teaser-title-14163\">A glimpse into the &#8220;Jewish House&#8221;: A new collection of sources on Chief Rabbi Mayer Bretzfeld<\/h4><div class=\"excerpt clamp-3\"><span class=\"visually-hidden\">Jewish Life: New collection of sources on Regional Rabbi Mayer Bretzfeld published. \ud83d\udcd6<\/span><span aria-hidden=\"true\">Jewish Life: New collection of sources on Regional Rabbi Mayer Bretzfeld published. \ud83d\udcd6<\/span><\/div><\/div><div class=\"button-teaser\"><span class=\"wp-block-button__link\"><span class=\"screen-reader-text\">Read more about A glimpse into the &#8220;Jewish House&#8221;: A new collection of sources on Chief Rabbi Mayer Bretzfeld<\/span><\/span><\/div><\/div><\/div><\/article><\/a><\/li><li><a class=\"teaser-item-link teaser-item\" href=\"https:\/\/www.bafid.fau.de\/en\/2026\/04\/07\/und-der-logos-ist-fleisch-geworden-neue-publikation-von-prof-dr-christian-lange-zur-christologie\/\"><article class=\"post-teaser\" data-variant=\"post\" data-href=\"https:\/\/www.bafid.fau.de\/en\/2026\/04\/07\/und-der-logos-ist-fleisch-geworden-neue-publikation-von-prof-dr-christian-lange-zur-christologie\/\" tabindex=\"0\" role=\"button\" aria-labelledby=\"teaser-title-14165\"><div class=\"teaser-image-wrapper\"><div class=\"teaser-image\"><img decoding=\"async\" src=\"https:\/\/www.bafid.fau.de\/files\/2026\/04\/Beitragsbild_CL-768x543.jpg\" class=\"attachment-medium_large size-medium_large\" alt=\"&#8220;Und der Logos ist Fleisch geworden&#8221;: A new publication by Prof. Dr. Christian Lange on Christology\" loading=\"lazy\" srcset=\"https:\/\/www.bafid.fau.de\/files\/2026\/04\/Beitragsbild_CL-768x543.jpg 768w, https:\/\/www.bafid.fau.de\/files\/2026\/04\/Beitragsbild_CL-300x212.jpg 300w, https:\/\/www.bafid.fau.de\/files\/2026\/04\/Beitragsbild_CL-1024x724.jpg 1024w, https:\/\/www.bafid.fau.de\/files\/2026\/04\/Beitragsbild_CL-1536x1086.jpg 1536w, https:\/\/www.bafid.fau.de\/files\/2026\/04\/Beitragsbild_CL-2048x1448.jpg 2048w, https:\/\/www.bafid.fau.de\/files\/2026\/04\/Beitragsbild_CL-60x42.jpg 60w\" \/><\/div><div class=\"teaser-meta\"><time datetime=\"2026-04-07 10:50:00\"><span class=\"date-day\">07<\/span><span class=\"date-month-year\">APR 2026<\/span><\/time><\/div><\/div><div class=\"teaser-content-wrapper\"><div class=\"teaser-content\"><div class=\"content-column\"><span class=\"category\">Research<\/span><h4 class=\"clamp-3\" id=\"teaser-title-14165\">&#8220;Und der Logos ist Fleisch geworden&#8221;: A new publication by Prof. Dr. Christian Lange on Christology<\/h4><div class=\"excerpt clamp-3\"><span class=\"visually-hidden\">\u201cAnd the Word became flesh\u201d: Christian Lange\u2019s new work on Christology. \u271d\ufe0f<\/span><span aria-hidden=\"true\">\u201cAnd the Word became flesh\u201d: Christian Lange\u2019s new work on Christology. \u271d\ufe0f<\/span><\/div><\/div><div class=\"button-teaser\"><span class=\"wp-block-button__link\"><span class=\"screen-reader-text\">Read more about &#8220;Und der Logos ist Fleisch geworden&#8221;: A new publication by Prof. Dr. Christian Lange on Christology<\/span><\/span><\/div><\/div><\/div><\/article><\/a><\/li><li><a class=\"teaser-item-link teaser-item\" href=\"https:\/\/www.bafid.fau.de\/en\/2026\/03\/23\/meilenstein-der-koranforschung-band-6-des-handbuchs-der-koranhermeneutik-erschienen\/\"><article class=\"post-teaser\" data-variant=\"post\" data-href=\"https:\/\/www.bafid.fau.de\/en\/2026\/03\/23\/meilenstein-der-koranforschung-band-6-des-handbuchs-der-koranhermeneutik-erschienen\/\" tabindex=\"0\" role=\"button\" aria-labelledby=\"teaser-title-14169\"><div class=\"teaser-image-wrapper\"><div class=\"teaser-image\"><img decoding=\"async\" src=\"https:\/\/www.bafid.fau.de\/files\/2026\/04\/Beitragsbild_GT-768x543.jpg\" class=\"attachment-medium_large size-medium_large\" alt=\"A milestone in Qur\u2019anic studies: Volume 6 of the &#8220;Handbook of Qur\u02be\u0101nic Hermeneutics&#8221; is published\" loading=\"lazy\" srcset=\"https:\/\/www.bafid.fau.de\/files\/2026\/04\/Beitragsbild_GT-768x543.jpg 768w, https:\/\/www.bafid.fau.de\/files\/2026\/04\/Beitragsbild_GT-300x212.jpg 300w, https:\/\/www.bafid.fau.de\/files\/2026\/04\/Beitragsbild_GT-1024x724.jpg 1024w, https:\/\/www.bafid.fau.de\/files\/2026\/04\/Beitragsbild_GT-1536x1086.jpg 1536w, https:\/\/www.bafid.fau.de\/files\/2026\/04\/Beitragsbild_GT-2048x1448.jpg 2048w, https:\/\/www.bafid.fau.de\/files\/2026\/04\/Beitragsbild_GT-60x42.jpg 60w\" \/><\/div><div class=\"teaser-meta\"><time datetime=\"2026-03-23 11:35:00\"><span class=\"date-day\">23<\/span><span class=\"date-month-year\">MAR 2026<\/span><\/time><\/div><\/div><div class=\"teaser-content-wrapper\"><div class=\"teaser-content\"><div class=\"content-column\"><span class=\"category\">Research<\/span><h4 class=\"clamp-3\" id=\"teaser-title-14169\">A milestone in Qur\u2019anic studies: Volume 6 of the &#8220;Handbook of Qur\u02be\u0101nic Hermeneutics&#8221; is published<\/h4><div class=\"excerpt clamp-3\"><span class=\"visually-hidden\">Qur\u02be\u0101nic Studies: Volume 6 of the Handbook of Qur\u02be\u0101nic Hermeneutics is now available. \u262a\ufe0f<\/span><span aria-hidden=\"true\">Qur\u02be\u0101nic Studies: Volume 6 of the Handbook of Qur\u02be\u0101nic Hermeneutics is now available. \u262a\ufe0f<\/span><\/div><\/div><div class=\"button-teaser\"><span class=\"wp-block-button__link\"><span class=\"screen-reader-text\">Read more about A milestone in Qur\u2019anic studies: Volume 6 of the &#8220;Handbook of Qur\u02be\u0101nic Hermeneutics&#8221; is published<\/span><\/span><\/div><\/div><\/div><\/article><\/a><\/li><li><a class=\"teaser-item-link teaser-item\" href=\"https:\/\/www.bafid.fau.de\/en\/2026\/01\/17\/heiliger-muell\/\"><article class=\"post-teaser\" data-variant=\"post\" data-href=\"https:\/\/www.bafid.fau.de\/en\/2026\/01\/17\/heiliger-muell\/\" tabindex=\"0\" role=\"button\" aria-labelledby=\"teaser-title-13009\"><div class=\"teaser-image-wrapper\"><div class=\"teaser-image\"><img decoding=\"async\" src=\"https:\/\/www.bafid.fau.de\/files\/2026\/03\/Unbenannt-1-scaled-1-768x543.jpg\" class=\"attachment-medium_large size-medium_large\" alt=\"Holy rubbish?\" loading=\"lazy\" srcset=\"https:\/\/www.bafid.fau.de\/files\/2026\/03\/Unbenannt-1-scaled-1-768x543.jpg 768w, https:\/\/www.bafid.fau.de\/files\/2026\/03\/Unbenannt-1-scaled-1-300x212.jpg 300w, https:\/\/www.bafid.fau.de\/files\/2026\/03\/Unbenannt-1-scaled-1-1024x724.jpg 1024w, https:\/\/www.bafid.fau.de\/files\/2026\/03\/Unbenannt-1-scaled-1-1536x1086.jpg 1536w, https:\/\/www.bafid.fau.de\/files\/2026\/03\/Unbenannt-1-scaled-1-2048x1448.jpg 2048w, https:\/\/www.bafid.fau.de\/files\/2026\/03\/Unbenannt-1-scaled-1-60x42.jpg 60w\" \/><\/div><div class=\"teaser-meta\"><time datetime=\"2026-01-17 12:17:00\"><span class=\"date-day\">17<\/span><span class=\"date-month-year\">JAN 2026<\/span><\/time><\/div><\/div><div class=\"teaser-content-wrapper\"><div class=\"teaser-content\"><div class=\"content-column\"><span class=\"category\">News from BaFID<\/span><h4 class=\"clamp-3\" id=\"teaser-title-13009\">Holy rubbish?<\/h4><div class=\"excerpt clamp-3\"><span class=\"visually-hidden\">Magic in the repository? Franken holds 70 genizot. In an article, Dr Riemer explains how sacred texts provided protection.<\/span><span aria-hidden=\"true\">Magic in the repository? Franken holds 70 genizot. In an article, Dr Riemer explains how sacred texts provided protection.<\/span><\/div><\/div><div class=\"button-teaser\"><span class=\"wp-block-button__link\"><span class=\"screen-reader-text\">Read more about Holy rubbish?<\/span><\/span><\/div><\/div><\/div><\/article><\/a><\/li><li><a class=\"teaser-item-link teaser-item\" href=\"https:\/\/www.bafid.fau.de\/en\/2025\/10\/09\/oeffentliche-ringvorlesung-zum-thema-die-schoensten-weltuntergaenge-zukunftsszenarien-utopien-und-dystopien\/\"><article class=\"post-teaser\" data-variant=\"post\" data-href=\"https:\/\/www.bafid.fau.de\/en\/2025\/10\/09\/oeffentliche-ringvorlesung-zum-thema-die-schoensten-weltuntergaenge-zukunftsszenarien-utopien-und-dystopien\/\" tabindex=\"0\" role=\"button\" aria-labelledby=\"teaser-title-12487\"><div class=\"teaser-image-wrapper\"><div class=\"teaser-image\"><img decoding=\"async\" src=\"https:\/\/www.bafid.fau.de\/files\/2026\/01\/BIK_25_26_Plakat-scaled-1-768x1086.jpg\" class=\"attachment-medium_large size-medium_large\" alt=\"Public lecture series on the topic &#8220;Die sch\u00f6nsten Weltunterg\u00e4nge? Zukunftsszenarien, Utopien und Dystopien&#8221;\" loading=\"lazy\" srcset=\"https:\/\/www.bafid.fau.de\/files\/2026\/01\/BIK_25_26_Plakat-scaled-1-768x1086.jpg 768w, https:\/\/www.bafid.fau.de\/files\/2026\/01\/BIK_25_26_Plakat-scaled-1-212x300.jpg 212w, https:\/\/www.bafid.fau.de\/files\/2026\/01\/BIK_25_26_Plakat-scaled-1-724x1024.jpg 724w, https:\/\/www.bafid.fau.de\/files\/2026\/01\/BIK_25_26_Plakat-scaled-1-1086x1536.jpg 1086w, https:\/\/www.bafid.fau.de\/files\/2026\/01\/BIK_25_26_Plakat-scaled-1-1448x2048.jpg 1448w, https:\/\/www.bafid.fau.de\/files\/2026\/01\/BIK_25_26_Plakat-scaled-1-42x60.jpg 42w, https:\/\/www.bafid.fau.de\/files\/2026\/01\/BIK_25_26_Plakat-scaled-1-170x240.jpg 170w, https:\/\/www.bafid.fau.de\/files\/2026\/01\/BIK_25_26_Plakat-scaled-1-226x320.jpg 226w, https:\/\/www.bafid.fau.de\/files\/2026\/01\/BIK_25_26_Plakat-scaled-1-332x470.jpg 332w, https:\/\/www.bafid.fau.de\/files\/2026\/01\/BIK_25_26_Plakat-scaled-1.jpg 1810w\" \/><\/div><div class=\"teaser-meta\"><time datetime=\"2025-10-09 14:40:16\"><span class=\"date-day\">09<\/span><span class=\"date-month-year\">OCT 2025<\/span><\/time><\/div><\/div><div class=\"teaser-content-wrapper\"><div class=\"teaser-content\"><div class=\"content-column\"><span class=\"category\">Knowledge transfer<\/span><h4 class=\"clamp-3\" id=\"teaser-title-12487\">Public lecture series on the topic &#8220;Die sch\u00f6nsten Weltunterg\u00e4nge? Zukunftsszenarien, Utopien und Dystopien&#8221;<\/h4><div class=\"excerpt clamp-3\"><span class=\"visually-hidden\">This winter semester 2025\/2026, BaFID invites you to a public lecture series on the topic \u201eDie sch\u00f6nsten Weltunterg\u00e4nge? Zukunftsszenarien,Utopien und Dystopien\u201c. The series starts next Thursday, 16 October. The event is a key qualification for all students. You can find the event in Campo using the QR code below. All events can be visited online; [&hellip;]<\/span><span aria-hidden=\"true\">This winter semester 2025\/2026, BaFID invites you to a public lecture series on the topic \u201eDie sch\u00f6nsten Weltunterg\u00e4nge? Zukunftsszenarien,Utopien und Dystopien\u201c. The series starts next Thursday, 16 October. The event is a key qualification for all students. You can find the event in Campo using the QR code below. All events can be visited online; [&hellip;]<\/span><\/div><\/div><div class=\"button-teaser\"><span class=\"wp-block-button__link\"><span class=\"screen-reader-text\">Read more about Public lecture series on the topic &#8220;Die sch\u00f6nsten Weltunterg\u00e4nge? Zukunftsszenarien, Utopien und Dystopien&#8221;<\/span><\/span><\/div><\/div><\/div><\/article><\/a><\/li><li><a class=\"teaser-item-link teaser-item\" href=\"https:\/\/www.bafid.fau.de\/en\/2025\/09\/15\/band-4-des-erlanger-jahrbuchs-ab-sofort-erhaeltlich\/\"><article class=\"post-teaser\" data-variant=\"post\" data-href=\"https:\/\/www.bafid.fau.de\/en\/2025\/09\/15\/band-4-des-erlanger-jahrbuchs-ab-sofort-erhaeltlich\/\" tabindex=\"0\" role=\"button\" aria-labelledby=\"teaser-title-12489\"><div class=\"teaser-image-wrapper\"><div class=\"teaser-image\"><img decoding=\"async\" src=\"https:\/\/www.bafid.fau.de\/files\/2026\/01\/Screenshot-2025-09-15-163005-e1757946696658.png\" class=\"attachment-medium_large size-medium_large\" alt=\"Volume 4 of the Erlangen Yearbook for Interreligious Discourses is now available\" loading=\"lazy\" srcset=\"https:\/\/www.bafid.fau.de\/files\/2026\/01\/Screenshot-2025-09-15-163005-e1757946696658.png 442w, https:\/\/www.bafid.fau.de\/files\/2026\/01\/Screenshot-2025-09-15-163005-e1757946696658-300x223.png 300w, https:\/\/www.bafid.fau.de\/files\/2026\/01\/Screenshot-2025-09-15-163005-e1757946696658-60x45.png 60w, https:\/\/www.bafid.fau.de\/files\/2026\/01\/Screenshot-2025-09-15-163005-e1757946696658-322x240.png 322w, https:\/\/www.bafid.fau.de\/files\/2026\/01\/Screenshot-2025-09-15-163005-e1757946696658-430x320.png 430w\" \/><\/div><div class=\"teaser-meta\"><time datetime=\"2025-09-15 16:42:02\"><span class=\"date-day\">15<\/span><span class=\"date-month-year\">SEP 2025<\/span><\/time><\/div><\/div><div class=\"teaser-content-wrapper\"><div class=\"teaser-content\"><div class=\"content-column\"><span class=\"category\">News from BaFID<\/span><h4 class=\"clamp-3\" id=\"teaser-title-12489\">Volume 4 of the Erlangen Yearbook for Interreligious Discourses is now available<\/h4><div class=\"excerpt clamp-3\"><span class=\"visually-hidden\">Fresh off the press: The 4th volume of the Erlangen Yearbook (Interreligi\u00f6se Kompetenz und Wertevermittlung in der Bildungsarbeit) is now available in stores and online. To coincide with the publication, Prof. Dr. Georges Tamer, Director of the Bavarian Research Centre for Interreligious Discourse (BaFID), answered Ergon Verlag&#8217;s questions in an interview. More information on the [&hellip;]<\/span><span aria-hidden=\"true\">Fresh off the press: The 4th volume of the Erlangen Yearbook (Interreligi\u00f6se Kompetenz und Wertevermittlung in der Bildungsarbeit) is now available in stores and online. To coincide with the publication, Prof. Dr. Georges Tamer, Director of the Bavarian Research Centre for Interreligious Discourse (BaFID), answered Ergon Verlag&#8217;s questions in an interview. More information on the [&hellip;]<\/span><\/div><\/div><div class=\"button-teaser\"><span class=\"wp-block-button__link\"><span class=\"screen-reader-text\">Read more about Volume 4 of the Erlangen Yearbook for Interreligious Discourses is now available<\/span><\/span><\/div><\/div><\/div><\/article><\/a><\/li><li><a class=\"teaser-item-link teaser-item\" href=\"https:\/\/www.bafid.fau.de\/en\/2024\/10\/23\/oeffentliche-ringvorlesung-zum-thema-interreligioese-aspekte-der-wertevermittlung-in-aktuellen-oeffentlichen-diskursen\/\"><article class=\"post-teaser\" data-variant=\"post\" data-href=\"https:\/\/www.bafid.fau.de\/en\/2024\/10\/23\/oeffentliche-ringvorlesung-zum-thema-interreligioese-aspekte-der-wertevermittlung-in-aktuellen-oeffentlichen-diskursen\/\" tabindex=\"0\" role=\"button\" aria-labelledby=\"teaser-title-12529\"><div class=\"teaser-image-wrapper\"><div class=\"teaser-image\"><img decoding=\"async\" src=\"https:\/\/www.bafid.fau.de\/files\/2026\/01\/BIK_24_25_Plakat-768x1086.jpg\" class=\"attachment-medium_large size-medium_large\" alt=\"Public lecture series on the topic of &#8220;Interreligious aspects of communicating values in current public discourses&#8221;\" loading=\"lazy\" srcset=\"https:\/\/www.bafid.fau.de\/files\/2026\/01\/BIK_24_25_Plakat-768x1086.jpg 768w, https:\/\/www.bafid.fau.de\/files\/2026\/01\/BIK_24_25_Plakat-212x300.jpg 212w, https:\/\/www.bafid.fau.de\/files\/2026\/01\/BIK_24_25_Plakat-724x1024.jpg 724w, https:\/\/www.bafid.fau.de\/files\/2026\/01\/BIK_24_25_Plakat-1086x1536.jpg 1086w, https:\/\/www.bafid.fau.de\/files\/2026\/01\/BIK_24_25_Plakat-42x60.jpg 42w, https:\/\/www.bafid.fau.de\/files\/2026\/01\/BIK_24_25_Plakat-170x240.jpg 170w, https:\/\/www.bafid.fau.de\/files\/2026\/01\/BIK_24_25_Plakat-226x320.jpg 226w, https:\/\/www.bafid.fau.de\/files\/2026\/01\/BIK_24_25_Plakat-332x470.jpg 332w, https:\/\/www.bafid.fau.de\/files\/2026\/01\/BIK_24_25_Plakat.jpg 1240w\" \/><\/div><div class=\"teaser-meta\"><time datetime=\"2024-10-23 17:00:23\"><span class=\"date-day\">23<\/span><span class=\"date-month-year\">OCT 2024<\/span><\/time><\/div><\/div><div class=\"teaser-content-wrapper\"><div class=\"teaser-content\"><div class=\"content-column\"><span class=\"category\">Research<\/span><h4 class=\"clamp-3\" id=\"teaser-title-12529\">Public lecture series on the topic of &#8220;Interreligious aspects of communicating values in current public discourses&#8221;<\/h4><div class=\"excerpt clamp-3\"><span class=\"visually-hidden\">This winter semester 2024\/2025, BaFID is hosting a public lecture series on the topic of &#8220;Interreligious aspects of communicating values in current public discourses&#8221;. All events can be visited online; here Dial-in link. The hybrid events take place at the Faculty of Philosophy of the Friedrich-Alexander-Universit\u00e4t Erlangen-N\u00fcrnberg. Address: Bismarckstr. 1, 91504 Erlangen, C-Tower room 202. [&hellip;]<\/span><span aria-hidden=\"true\">This winter semester 2024\/2025, BaFID is hosting a public lecture series on the topic of &#8220;Interreligious aspects of communicating values in current public discourses&#8221;. All events can be visited online; here Dial-in link. The hybrid events take place at the Faculty of Philosophy of the Friedrich-Alexander-Universit\u00e4t Erlangen-N\u00fcrnberg. Address: Bismarckstr. 1, 91504 Erlangen, C-Tower room 202. [&hellip;]<\/span><\/div><\/div><div class=\"button-teaser\"><span class=\"wp-block-button__link\"><span class=\"screen-reader-text\">Read more about Public lecture series on the topic of &#8220;Interreligious aspects of communicating values in current public discourses&#8221;<\/span><\/span><\/div><\/div><\/div><\/article><\/a><\/li><li><a class=\"teaser-item-link teaser-item\" href=\"https:\/\/www.bafid.fau.de\/en\/2024\/07\/22\/tagungsbericht-der-konferenzreihe-key-concepts-in-interreligious-discourses-friedrich-alexander-universitaet-erlangen-nuernberg-26-28-juni-2024\/\"><article class=\"post-teaser\" data-variant=\"post\" data-href=\"https:\/\/www.bafid.fau.de\/en\/2024\/07\/22\/tagungsbericht-der-konferenzreihe-key-concepts-in-interreligious-discourses-friedrich-alexander-universitaet-erlangen-nuernberg-26-28-juni-2024\/\" tabindex=\"0\" role=\"button\" aria-labelledby=\"teaser-title-12535\"><div class=\"teaser-image-wrapper\"><div class=\"teaser-image\"><img decoding=\"async\" src=\"https:\/\/www.bafid.fau.de\/files\/2026\/01\/PXL_20240627_155111051.MP_-1-scaled-1-768x1020.jpg\" class=\"attachment-medium_large size-medium_large\" alt=\"Proceedings of the Conference Series &#8220;Key Concepts in Interreligious Discourses&#8221;\" loading=\"lazy\" srcset=\"https:\/\/www.bafid.fau.de\/files\/2026\/01\/PXL_20240627_155111051.MP_-1-scaled-1-768x1020.jpg 768w, https:\/\/www.bafid.fau.de\/files\/2026\/01\/PXL_20240627_155111051.MP_-1-scaled-1-226x300.jpg 226w, https:\/\/www.bafid.fau.de\/files\/2026\/01\/PXL_20240627_155111051.MP_-1-scaled-1-771x1024.jpg 771w, https:\/\/www.bafid.fau.de\/files\/2026\/01\/PXL_20240627_155111051.MP_-1-scaled-1-1157x1536.jpg 1157w, https:\/\/www.bafid.fau.de\/files\/2026\/01\/PXL_20240627_155111051.MP_-1-scaled-1-1542x2048.jpg 1542w, https:\/\/www.bafid.fau.de\/files\/2026\/01\/PXL_20240627_155111051.MP_-1-scaled-1-120x160.jpg 120w, https:\/\/www.bafid.fau.de\/files\/2026\/01\/PXL_20240627_155111051.MP_-1-scaled-1-240x320.jpg 240w, https:\/\/www.bafid.fau.de\/files\/2026\/01\/PXL_20240627_155111051.MP_-1-scaled-1-45x60.jpg 45w, https:\/\/www.bafid.fau.de\/files\/2026\/01\/PXL_20240627_155111051.MP_-1-scaled-1-181x240.jpg 181w, https:\/\/www.bafid.fau.de\/files\/2026\/01\/PXL_20240627_155111051.MP_-1-scaled-1-241x320.jpg 241w, https:\/\/www.bafid.fau.de\/files\/2026\/01\/PXL_20240627_155111051.MP_-1-scaled-1-354x470.jpg 354w, https:\/\/www.bafid.fau.de\/files\/2026\/01\/PXL_20240627_155111051.MP_-1-scaled-1.jpg 1928w\" \/><\/div><div class=\"teaser-meta\"><time datetime=\"2024-07-22 14:51:09\"><span class=\"date-day\">22<\/span><span class=\"date-month-year\">JUL 2024<\/span><\/time><\/div><\/div><div class=\"teaser-content-wrapper\"><div class=\"teaser-content\"><div class=\"content-column\"><span class=\"category\">Research<\/span><h4 class=\"clamp-3\" id=\"teaser-title-12535\">Proceedings of the Conference Series &#8220;Key Concepts in Interreligious Discourses&#8221;<\/h4><div class=\"excerpt clamp-3\"><span class=\"visually-hidden\">The Concept of Prophecy and the Concept of Spiritual Beings in Judaism, Christianity and Islam Meeting of the conference series &#8220;Key Concepts in Interreligious Discourses&#8221;, Friedrich-Alexander-University Erlangen-N\u00fcrnberg, 26-28 June 2024 There are concepts that occur in all three major monotheistic religions. However, it would be premature to deduce from the conceptual agreement alone that Judaism, [&hellip;]<\/span><span aria-hidden=\"true\">The Concept of Prophecy and the Concept of Spiritual Beings in Judaism, Christianity and Islam Meeting of the conference series &#8220;Key Concepts in Interreligious Discourses&#8221;, Friedrich-Alexander-University Erlangen-N\u00fcrnberg, 26-28 June 2024 There are concepts that occur in all three major monotheistic religions. However, it would be premature to deduce from the conceptual agreement alone that Judaism, [&hellip;]<\/span><\/div><\/div><div class=\"button-teaser\"><span class=\"wp-block-button__link\"><span class=\"screen-reader-text\">Read more about Proceedings of the Conference Series &#8220;Key Concepts in Interreligious Discourses&#8221;<\/span><\/span><\/div><\/div><\/div><\/article><\/a><\/li><li><a class=\"teaser-item-link teaser-item\" href=\"https:\/\/www.bafid.fau.de\/en\/2023\/07\/23\/bik-2022-paradiesische-aussichten-im-sommersemester\/\"><article class=\"post-teaser\" data-variant=\"post\" data-href=\"https:\/\/www.bafid.fau.de\/en\/2023\/07\/23\/bik-2022-paradiesische-aussichten-im-sommersemester\/\" tabindex=\"0\" role=\"button\" aria-labelledby=\"teaser-title-12541\"><div class=\"teaser-image-wrapper\"><div class=\"teaser-image\"><img decoding=\"async\" src=\"https:\/\/www.bafid.fau.de\/files\/2026\/01\/to-learn-g5cfef3524_1920-768x512.jpg\" class=\"attachment-medium_large size-medium_large\" alt=\"Review: BIK on Interreligious Competence in Educational Work\" loading=\"lazy\" srcset=\"https:\/\/www.bafid.fau.de\/files\/2026\/01\/to-learn-g5cfef3524_1920-768x512.jpg 768w, https:\/\/www.bafid.fau.de\/files\/2026\/01\/to-learn-g5cfef3524_1920-300x200.jpg 300w, https:\/\/www.bafid.fau.de\/files\/2026\/01\/to-learn-g5cfef3524_1920-1024x683.jpg 1024w, https:\/\/www.bafid.fau.de\/files\/2026\/01\/to-learn-g5cfef3524_1920-1536x1024.jpg 1536w, https:\/\/www.bafid.fau.de\/files\/2026\/01\/to-learn-g5cfef3524_1920-60x40.jpg 60w, https:\/\/www.bafid.fau.de\/files\/2026\/01\/to-learn-g5cfef3524_1920-360x240.jpg 360w, https:\/\/www.bafid.fau.de\/files\/2026\/01\/to-learn-g5cfef3524_1920-480x320.jpg 480w, https:\/\/www.bafid.fau.de\/files\/2026\/01\/to-learn-g5cfef3524_1920-705x470.jpg 705w, https:\/\/www.bafid.fau.de\/files\/2026\/01\/to-learn-g5cfef3524_1920.jpg 1920w\" \/><\/div><div class=\"teaser-meta\"><time datetime=\"2023-07-23 15:00:00\"><span class=\"date-day\">23<\/span><span class=\"date-month-year\">JUL 2023<\/span><\/time><\/div><\/div><div class=\"teaser-content-wrapper\"><div class=\"teaser-content\"><div class=\"content-column\"><span class=\"category\">Research<\/span><h4 class=\"clamp-3\" id=\"teaser-title-12541\">Review: BIK on Interreligious Competence in Educational Work<\/h4><div class=\"excerpt clamp-3\"><span class=\"visually-hidden\">The Bavarian Research Centre for Interreligious Discourse (BaFID) at Friedrich-Alexander-Universit\u00e4t Erlangen-N\u00fcrnberg (FAU) organises thematically orientated lecture series under the name &#8220;Bayerisches Interreligi\u00f6ses Kolleg&#8221; (BIK). The first lecture in the summer semester of 2021 focused on the foundations of interreligious discourse. The topic in the summer semester of 2022 was &#8220;Ideas of Paradise in Judaism, Christianity [&hellip;]<\/span><span aria-hidden=\"true\">The Bavarian Research Centre for Interreligious Discourse (BaFID) at Friedrich-Alexander-Universit\u00e4t Erlangen-N\u00fcrnberg (FAU) organises thematically orientated lecture series under the name &#8220;Bayerisches Interreligi\u00f6ses Kolleg&#8221; (BIK). The first lecture in the summer semester of 2021 focused on the foundations of interreligious discourse. The topic in the summer semester of 2022 was &#8220;Ideas of Paradise in Judaism, Christianity [&hellip;]<\/span><\/div><\/div><div class=\"button-teaser\"><span class=\"wp-block-button__link\"><span class=\"screen-reader-text\">Read more about Review: BIK on Interreligious Competence in Educational Work<\/span><\/span><\/div><\/div><\/div><\/article><\/a><\/li><li><a class=\"teaser-item-link teaser-item\" href=\"https:\/\/www.bafid.fau.de\/en\/2023\/06\/26\/kcid-konferenz-zu-autoritaet-und-modernitaet-im-juni\/\"><article class=\"post-teaser\" data-variant=\"post\" data-href=\"https:\/\/www.bafid.fau.de\/en\/2023\/06\/26\/kcid-konferenz-zu-autoritaet-und-modernitaet-im-juni\/\" tabindex=\"0\" role=\"button\" aria-labelledby=\"teaser-title-12543\"><div class=\"teaser-image-wrapper\"><div class=\"teaser-image\"><img decoding=\"async\" src=\"https:\/\/www.bafid.fau.de\/wp-content\/themes\/FAU-Elemental\/assets\/images\/Default_FAU_Schloss_blau.webp\" alt=\"Review: KCID Conference on Authority and Modernity\" loading=\"lazy\"><\/div><div class=\"teaser-meta\"><time datetime=\"2023-06-26 15:01:56\"><span class=\"date-day\">26<\/span><span class=\"date-month-year\">JUN 2023<\/span><\/time><\/div><\/div><div class=\"teaser-content-wrapper\"><div class=\"teaser-content\"><div class=\"content-column\"><span class=\"category\">Research<\/span><h4 class=\"clamp-3\" id=\"teaser-title-12543\">Review: KCID Conference on Authority and Modernity<\/h4><div class=\"excerpt clamp-3\"><span class=\"visually-hidden\">Three times a year, BaFID organises English-language conferences with internationally renowned academics. Each conference consists of two sessions dedicated to two central, related concepts in Judaism, Christianity and Islam. Selected conference reports are online. From 21 to 23 June 2023, speakers from Germany, Canada and the USA discussed the concepts of authority and modernity in [&hellip;]<\/span><span aria-hidden=\"true\">Three times a year, BaFID organises English-language conferences with internationally renowned academics. Each conference consists of two sessions dedicated to two central, related concepts in Judaism, Christianity and Islam. Selected conference reports are online. From 21 to 23 June 2023, speakers from Germany, Canada and the USA discussed the concepts of authority and modernity in [&hellip;]<\/span><\/div><\/div><div class=\"button-teaser\"><span class=\"wp-block-button__link\"><span class=\"screen-reader-text\">Read more about Review: KCID Conference on Authority and Modernity<\/span><\/span><\/div><\/div><\/div><\/article><\/a><\/li><\/ul><div class=\"fau-teaser-grid__load-more-wrapper\"><div class=\"wp-block-button is-style-secondary\"><button class=\"wp-block-button__link load-more-button\" data-grid-id=\"fau-teaser-grid-b2289abd\" data-current-page=\"1\" data-total-pages=\"2\" data-default-text=\"Load More\" data-loading-text=\"Loading\u2026\">Load More<\/button><\/div><\/div><\/section>","protected":false},"excerpt":{"rendered":"<p>&nbsp;<\/p>\n","protected":false},"author":5059,"featured_media":13264,"parent":11483,"menu_order":60,"comment_status":"closed","ping_status":"closed","template":"","meta":{"_rrze_cache":"enabled","_rrze_multilang_single_locale":"en_GB","_rrze_multilang_single_source":"https:\/\/www.bafid.fau.de\/?page_id=7902","_faue_teaser_image_id":0,"footnotes":""},"page_category":[44],"page_tag":[],"class_list":["post-11843","page","type-page","status-publish","has-post-thumbnail","hentry","page_category-general","en-GB"],"faue_teaser_image_url":"","_links":{"self":[{"href":"https:\/\/www.bafid.fau.de\/wp-json\/wp\/v2\/pages\/11843","targetHints":{"allow":["GET"]}}],"collection":[{"href":"https:\/\/www.bafid.fau.de\/wp-json\/wp\/v2\/pages"}],"about":[{"href":"https:\/\/www.bafid.fau.de\/wp-json\/wp\/v2\/types\/page"}],"author":[{"embeddable":true,"href":"https:\/\/www.bafid.fau.de\/wp-json\/wp\/v2\/users\/5059"}],"replies":[{"embeddable":true,"href":"https:\/\/www.bafid.fau.de\/wp-json\/wp\/v2\/comments?post=11843"}],"version-history":[{"count":4,"href":"https:\/\/www.bafid.fau.de\/wp-json\/wp\/v2\/pages\/11843\/revisions"}],"predecessor-version":[{"id":12817,"href":"https:\/\/www.bafid.fau.de\/wp-json\/wp\/v2\/pages\/11843\/revisions\/12817"}],"up":[{"embeddable":true,"href":"https:\/\/www.bafid.fau.de\/wp-json\/wp\/v2\/pages\/11483"}],"wp:featuredmedia":[{"embeddable":true,"href":"https:\/\/www.bafid.fau.de\/wp-json\/wp\/v2\/media\/13264"}],"wp:attachment":[{"href":"https:\/\/www.bafid.fau.de\/wp-json\/wp\/v2\/media?parent=11843"}],"wp:term":[{"taxonomy":"page_category","embeddable":true,"href":"https:\/\/www.bafid.fau.de\/wp-json\/wp\/v2\/page_category?post=11843"},{"taxonomy":"page_tag","embeddable":true,"href":"https:\/\/www.bafid.fau.de\/wp-json\/wp\/v2\/page_tag?post=11843"}],"curies":[{"name":"wp","href":"https:\/\/api.w.org\/{rel}","templated":true}]}}